{"id":2220,"date":"2026-02-27T10:29:55","date_gmt":"2026-02-27T09:29:55","guid":{"rendered":"http:\/\/www.christophelinage.com\/conspiration\/?page_id=896"},"modified":"2026-02-27T10:29:55","modified_gmt":"2026-02-27T09:29:55","slug":"reflexions-sur-les-causes-de-la-liberte-et-de-loppression-sociale","status":"publish","type":"page","link":"https:\/\/conspiration-editions.com\/en\/reflexions-sur-les-causes-de-la-liberte-et-de-loppression-sociale\/","title":{"rendered":"R\u00e9flexions sur les causes de la libert\u00e9 et de l\u2019oppression sociale"},"content":{"rendered":"<div data-elementor-type=\"wp-page\" data-elementor-id=\"2220\" class=\"elementor elementor-2220\" data-elementor-settings=\"[]\">\n\t\t\t\t\t\t<div class=\"elementor-inner\">\n\t\t\t\t\t\t\t<div class=\"elementor-section-wrap\">\n\t\t\t\t\t\t\t<section class=\"elementor-section elementor-top-section elementor-element elementor-element-55d82002 elementor-section-boxed elementor-section-height-default elementor-section-height-default\" data-id=\"55d82002\" data-element_type=\"section\">\n\t\t\t\t\t\t<div class=\"elementor-container elementor-column-gap-default\">\n\t\t\t\t\t\t\t<div class=\"elementor-row\">\n\t\t\t\t\t<div class=\"elementor-column elementor-col-50 elementor-top-column elementor-element elementor-element-4abe4951\" data-id=\"4abe4951\" data-element_type=\"column\">\n\t\t\t<div class=\"elementor-column-wrap elementor-element-populated\">\n\t\t\t\t\t\t\t<div class=\"elementor-widget-wrap\">\n\t\t\t\t\t\t<div class=\"elementor-element elementor-element-595c2eff euclid elementor-widget elementor-widget-heading\" data-id=\"595c2eff\" data-element_type=\"widget\" data-widget_type=\"heading.default\">\n\t\t\t\t<div class=\"elementor-widget-container\">\n\t\t\t<h2 class=\"elementor-heading-title elementor-size-default\">R\u00e9flexions sur les causes de la libert\u00e9\net de l\u2019oppression sociale\n<\/h2>\t\t<\/div>\n\t\t\t\t<\/div>\n\t\t\t\t<div class=\"elementor-element elementor-element-8967460 elementor-widget elementor-widget-text-editor\" data-id=\"8967460\" data-element_type=\"widget\" data-widget_type=\"text-editor.default\">\n\t\t\t\t<div class=\"elementor-widget-container\">\n\t\t\t\t\t<div class=\"elementor-text-editor elementor-clearfix\"><p>Simone Weil<\/p><\/div>\n\t\t\t\t<\/div>\n\t\t\t\t<\/div>\n\t\t\t\t<div class=\"elementor-element elementor-element-1090bea elementor-widget elementor-widget-text-editor\" data-id=\"1090bea\" data-element_type=\"widget\" data-widget_type=\"text-editor.default\">\n\t\t\t\t<div class=\"elementor-widget-container\">\n\t\t\t\t\t<div class=\"elementor-text-editor elementor-clearfix\"><p>Le savoir \/ sept<\/p><\/div>\n\t\t\t\t<\/div>\n\t\t\t\t<\/div>\n\t\t\t\t<div class=\"elementor-element elementor-element-5a676435 elementor-widget-divider--view-line elementor-widget elementor-widget-divider\" data-id=\"5a676435\" data-element_type=\"widget\" data-widget_type=\"divider.default\">\n\t\t\t\t<div class=\"elementor-widget-container\">\n\t\t\t\t\t<div class=\"elementor-divider\">\n\t\t\t<span class=\"elementor-divider-separator\">\n\t\t\t\t\t\t<\/span>\n\t\t<\/div>\n\t\t\t\t<\/div>\n\t\t\t\t<\/div>\n\t\t\t\t<section class=\"elementor-section elementor-inner-section elementor-element elementor-element-e67a979 elementor-section-boxed elementor-section-height-default elementor-section-height-default\" data-id=\"e67a979\" data-element_type=\"section\">\n\t\t\t\t\t\t<div class=\"elementor-container elementor-column-gap-default\">\n\t\t\t\t\t\t\t<div class=\"elementor-row\">\n\t\t\t\t\t<div class=\"elementor-column elementor-col-50 elementor-inner-column elementor-element elementor-element-18eec61\" data-id=\"18eec61\" data-element_type=\"column\">\n\t\t\t<div class=\"elementor-column-wrap elementor-element-populated\">\n\t\t\t\t\t\t\t<div class=\"elementor-widget-wrap\">\n\t\t\t\t\t\t<div class=\"elementor-element elementor-element-e4b5754 elementor-widget elementor-widget-text-editor\" data-id=\"e4b5754\" data-element_type=\"widget\" data-widget_type=\"text-editor.default\">\n\t\t\t\t<div class=\"elementor-widget-container\">\n\t\t\t\t\t<div class=\"elementor-text-editor elementor-clearfix\"><p><div class=\"dp-element dp-lite\"  data-slug=\"reflexions-sur-les-causes-de-la-liberte-et-de-loppression-sociale\" data-_slug=\"reflexions-sur-les-causes-de-la-liberte-et-de-loppression-sociale\" data-title=\"lire-un-extrait\" id=\"dp_5427\" data-option=\"dp_option_5427\"  data-lightbox=\"button\">Lire un extrait<\/div><script class=\"dp-shortcode-script\" type=\"application\/javascript\">window.dp_option_5427 = {\"source\":\"https:\\\/\\\/conspiration-editions.com\\\/wp-content\\\/uploads\\\/2022\\\/10\\\/Simone-Weil-extrait.pdf\",\"viewerType\":\"flipbook\",\"is3D\":false,\"enableSound\":false,\"slug\":\"reflexions-sur-les-causes-de-la-liberte-et-de-loppression-sociale\",\"id\":5427}; if(window.DEARPDF && window.DEARPDF.parseElements){window.DEARPDF.parseElements();}<\/script><\/p><\/div>\n\t\t\t\t<\/div>\n\t\t\t\t<\/div>\n\t\t\t\t\t\t<\/div>\n\t\t\t\t\t<\/div>\n\t\t<\/div>\n\t\t\t\t<div class=\"elementor-column elementor-col-50 elementor-inner-column elementor-element elementor-element-f34454c\" data-id=\"f34454c\" data-element_type=\"column\">\n\t\t\t<div class=\"elementor-column-wrap elementor-element-populated\">\n\t\t\t\t\t\t\t<div class=\"elementor-widget-wrap\">\n\t\t\t\t\t\t<div class=\"elementor-element elementor-element-5441a04 elementor-align-right elementor-widget elementor-widget-button\" data-id=\"5441a04\" data-element_type=\"widget\" data-widget_type=\"button.default\">\n\t\t\t\t<div class=\"elementor-widget-container\">\n\t\t\t\t\t<div class=\"elementor-button-wrapper\">\n\t\t\t<a class=\"elementor-button elementor-size-sm\" role=\"button\">\n\t\t\t\t\t\t<span class=\"elementor-button-content-wrapper\">\n\t\t\t\t\t\t<span class=\"elementor-button-text\">Uniquement en librairie<\/span>\n\t\t<\/span>\n\t\t\t\t\t<\/a>\n\t\t<\/div>\n\t\t\t\t<\/div>\n\t\t\t\t<\/div>\n\t\t\t\t\t\t<\/div>\n\t\t\t\t\t<\/div>\n\t\t<\/div>\n\t\t\t\t\t\t\t\t<\/div>\n\t\t\t\t\t<\/div>\n\t\t<\/section>\n\t\t\t\t<div class=\"elementor-element elementor-element-4a5f9b2 elementor-align-right elementor-widget elementor-widget-button\" data-id=\"4a5f9b2\" data-element_type=\"widget\" data-widget_type=\"button.default\">\n\t\t\t\t<div class=\"elementor-widget-container\">\n\t\t\t\t\t<div class=\"elementor-button-wrapper\">\n\t\t\t<a href=\"https:\/\/conspiration-editions.com\/en\/product\/reflexions-sur-les-causes-de-la-liberte-et-de-loppression-sociale-ebook\/\" target=\"_blank\" class=\"elementor-button-link elementor-button elementor-size-sm\" role=\"button\">\n\t\t\t\t\t\t<span class=\"elementor-button-content-wrapper\">\n\t\t\t\t\t\t<span class=\"elementor-button-text\">Ebook (7\u20ac)<\/span>\n\t\t<\/span>\n\t\t\t\t\t<\/a>\n\t\t<\/div>\n\t\t\t\t<\/div>\n\t\t\t\t<\/div>\n\t\t\t\t<div class=\"elementor-element elementor-element-d75f373 elementor-widget elementor-widget-text-editor\" data-id=\"d75f373\" data-element_type=\"widget\" data-widget_type=\"text-editor.default\">\n\t\t\t\t<div class=\"elementor-widget-container\">\n\t\t\t\t\t<div class=\"elementor-text-editor elementor-clearfix\"><p><em>Date de parution : 4 mars 2021<\/em><br \/><em>140 pages &#8211; 130&#215;190 mm<\/em><br \/><span style=\"font-size: 12px;\"><em>ISBN : 979-10-95550-18-1<\/em><\/span><\/p><\/div>\n\t\t\t\t<\/div>\n\t\t\t\t<\/div>\n\t\t\t\t\t\t<\/div>\n\t\t\t\t\t<\/div>\n\t\t<\/div>\n\t\t\t\t<div class=\"elementor-column elementor-col-50 elementor-top-column elementor-element elementor-element-1b57f0b1\" data-id=\"1b57f0b1\" data-element_type=\"column\">\n\t\t\t<div class=\"elementor-column-wrap elementor-element-populated\">\n\t\t\t\t\t\t\t<div class=\"elementor-widget-wrap\">\n\t\t\t\t\t\t<div class=\"elementor-element elementor-element-62263c99 elementor-widget elementor-widget-image\" data-id=\"62263c99\" data-element_type=\"widget\" data-widget_type=\"image.default\">\n\t\t\t\t<div class=\"elementor-widget-container\">\n\t\t\t\t\t<div class=\"elementor-image\">\n\t\t\t\t\t\t\t\t\t\t\t<a href=\"https:\/\/conspiration-editions.com\/wp-content\/uploads\/2022\/10\/simone-weil-couverture-simulation.jpg\" data-elementor-open-lightbox=\"yes\" data-elementor-lightbox-title=\"R\u00e9flexions sur les causes de la libert\u00e9 et de l\u2019oppression sociale\" data-lbwps-width=\"980\" data-lbwps-height=\"700\" data-lbwps-srcsmall=\"https:\/\/conspiration-editions.com\/wp-content\/uploads\/2022\/10\/simone-weil-couverture-simulation.jpg\">\n\t\t\t\t\t\t\t<img loading=\"lazy\" decoding=\"async\" width=\"750\" height=\"536\" src=\"https:\/\/conspiration-editions.com\/wp-content\/uploads\/2022\/10\/simone-weil-couverture-simulation.jpg\" class=\"attachment-large size-large\" alt=\"\" srcset=\"https:\/\/conspiration-editions.com\/wp-content\/uploads\/2022\/10\/simone-weil-couverture-simulation.jpg 980w, https:\/\/conspiration-editions.com\/wp-content\/uploads\/2022\/10\/simone-weil-couverture-simulation-300x214.jpg 300w, https:\/\/conspiration-editions.com\/wp-content\/uploads\/2022\/10\/simone-weil-couverture-simulation-768x549.jpg 768w, https:\/\/conspiration-editions.com\/wp-content\/uploads\/2022\/10\/simone-weil-couverture-simulation-230x164.jpg 230w, https:\/\/conspiration-editions.com\/wp-content\/uploads\/2022\/10\/simone-weil-couverture-simulation-600x429.jpg 600w\" sizes=\"(max-width: 750px) 100vw, 750px\" \/>\t\t\t\t\t\t\t\t<\/a>\n\t\t\t\t\t\t\t\t\t\t\t<\/div>\n\t\t\t\t<\/div>\n\t\t\t\t<\/div>\n\t\t\t\t\t\t<\/div>\n\t\t\t\t\t<\/div>\n\t\t<\/div>\n\t\t\t\t\t\t\t\t<\/div>\n\t\t\t\t\t<\/div>\n\t\t<\/section>\n\t\t\t\t<section class=\"elementor-section elementor-top-section elementor-element elementor-element-20b18c1f elementor-section-boxed elementor-section-height-default elementor-section-height-default\" data-id=\"20b18c1f\" data-element_type=\"section\">\n\t\t\t\t\t\t<div class=\"elementor-container elementor-column-gap-default\">\n\t\t\t\t\t\t\t<div class=\"elementor-row\">\n\t\t\t\t\t<div class=\"elementor-column elementor-col-100 elementor-top-column elementor-element elementor-element-1d801c2d\" data-id=\"1d801c2d\" data-element_type=\"column\">\n\t\t\t<div class=\"elementor-column-wrap elementor-element-populated\">\n\t\t\t\t\t\t\t<div class=\"elementor-widget-wrap\">\n\t\t\t\t\t\t<div class=\"elementor-element elementor-element-6e6e5ed6 elementor-widget elementor-widget-text-editor\" data-id=\"6e6e5ed6\" data-element_type=\"widget\" data-widget_type=\"text-editor.default\">\n\t\t\t\t<div class=\"elementor-widget-container\">\n\t\t\t\t\t<div class=\"elementor-text-editor elementor-clearfix\"><p><strong>R\u00e9sum\u00e9 :<\/strong><\/p><\/div>\n\t\t\t\t<\/div>\n\t\t\t\t<\/div>\n\t\t\t\t\t\t<\/div>\n\t\t\t\t\t<\/div>\n\t\t<\/div>\n\t\t\t\t\t\t\t\t<\/div>\n\t\t\t\t\t<\/div>\n\t\t<\/section>\n\t\t\t\t<section class=\"elementor-section elementor-top-section elementor-element elementor-element-2a373ea elementor-section-boxed elementor-section-height-default elementor-section-height-default\" data-id=\"2a373ea\" data-element_type=\"section\">\n\t\t\t\t\t\t<div class=\"elementor-container elementor-column-gap-default\">\n\t\t\t\t\t\t\t<div class=\"elementor-row\">\n\t\t\t\t\t<div class=\"elementor-column elementor-col-100 elementor-top-column elementor-element elementor-element-5c257016\" data-id=\"5c257016\" data-element_type=\"column\">\n\t\t\t<div class=\"elementor-column-wrap elementor-element-populated\">\n\t\t\t\t\t\t\t<div class=\"elementor-widget-wrap\">\n\t\t\t\t\t\t<div class=\"elementor-element elementor-element-6afa936 elementor-widget elementor-widget-text-editor\" data-id=\"6afa936\" data-element_type=\"widget\" data-widget_type=\"text-editor.default\">\n\t\t\t\t<div class=\"elementor-widget-container\">\n\t\t\t\t\t<div class=\"elementor-text-editor elementor-clearfix\"><p>\u00c9crit en 1934, \u00e0 l\u2019\u00e2ge de 25 ans, cet essai frappant reste d\u2019une grande actualit\u00e9. \u00ab\u00a0Votre travail est de premi\u00e8re importance\u00a0\u00bb lui \u00e9crivit le philosophe Alain, qui avait \u00e9t\u00e9 son professeur. En effet, dans ce texte, Simone Weil analyse comment les rapports de domination et de soumission naissent au sein de toute soci\u00e9t\u00e9 humaine.Pour elle, l\u2019homme est condamn\u00e9 \u00e0 \u00eatre opprim\u00e9 : dans les soci\u00e9t\u00e9s primitives, c\u2019est par les forces de la Nature puis, au fur et \u00e0 mesure qu\u2019il s\u2019en lib\u00e8re, c\u2019est alors celle d\u2019une soci\u00e9t\u00e9 de production dont les moyens et les fins lui \u00e9chappent. Ainsi l\u2019homme est par nature et du simple fait de la vie en soci\u00e9t\u00e9 condamn\u00e9 \u00e0 l\u2019oppression. Seule la pens\u00e9e peut s\u2019exercer librement. Ce livre \u00e9tait consid\u00e9r\u00e9 par Simone Weil elle-m\u00eame comme son \u0153uvre principale.<\/p><\/div>\n\t\t\t\t<\/div>\n\t\t\t\t<\/div>\n\t\t\t\t\t\t<\/div>\n\t\t\t\t\t<\/div>\n\t\t<\/div>\n\t\t\t\t\t\t\t\t<\/div>\n\t\t\t\t\t<\/div>\n\t\t<\/section>\n\t\t\t\t<section class=\"elementor-section elementor-top-section elementor-element elementor-element-2b827d7 elementor-section-boxed elementor-section-height-default elementor-section-height-default\" data-id=\"2b827d7\" data-element_type=\"section\">\n\t\t\t\t\t\t<div class=\"elementor-container elementor-column-gap-default\">\n\t\t\t\t\t\t\t<div class=\"elementor-row\">\n\t\t\t\t\t<div class=\"elementor-column elementor-col-100 elementor-top-column elementor-element elementor-element-3e424bc8\" data-id=\"3e424bc8\" data-element_type=\"column\">\n\t\t\t<div class=\"elementor-column-wrap elementor-element-populated\">\n\t\t\t\t\t\t\t<div class=\"elementor-widget-wrap\">\n\t\t\t\t\t\t<div class=\"elementor-element elementor-element-34c9f5ae elementor-widget elementor-widget-text-editor\" data-id=\"34c9f5ae\" data-element_type=\"widget\" data-widget_type=\"text-editor.default\">\n\t\t\t\t<div class=\"elementor-widget-container\">\n\t\t\t\t\t<div class=\"elementor-text-editor elementor-clearfix\"><p><strong>L&rsquo;auteur :<br \/><\/strong><\/p><\/div>\n\t\t\t\t<\/div>\n\t\t\t\t<\/div>\n\t\t\t\t\t\t<\/div>\n\t\t\t\t\t<\/div>\n\t\t<\/div>\n\t\t\t\t\t\t\t\t<\/div>\n\t\t\t\t\t<\/div>\n\t\t<\/section>\n\t\t\t\t<section class=\"elementor-section elementor-top-section elementor-element elementor-element-4b5f745a elementor-section-boxed elementor-section-height-default elementor-section-height-default\" data-id=\"4b5f745a\" data-element_type=\"section\">\n\t\t\t\t\t\t<div class=\"elementor-container elementor-column-gap-default\">\n\t\t\t\t\t\t\t<div class=\"elementor-row\">\n\t\t\t\t\t<div class=\"elementor-column elementor-col-100 elementor-top-column elementor-element elementor-element-69971b59\" data-id=\"69971b59\" data-element_type=\"column\">\n\t\t\t<div class=\"elementor-column-wrap elementor-element-populated\">\n\t\t\t\t\t\t\t<div class=\"elementor-widget-wrap\">\n\t\t\t\t\t\t<div class=\"elementor-element elementor-element-6bf5c450 elementor-widget elementor-widget-text-editor\" data-id=\"6bf5c450\" data-element_type=\"widget\" data-widget_type=\"text-editor.default\">\n\t\t\t\t<div class=\"elementor-widget-container\">\n\t\t\t\t\t<div class=\"elementor-text-editor elementor-clearfix\"><p><strong><img loading=\"lazy\" decoding=\"async\" src=\"http:\/\/www.christophelinage.com\/conspiration\/wp-content\/uploads\/2021\/02\/S.Weil-portrait-214x300.jpg\" alt=\"Simone Weil\" class=\"alignleft wp-image-899\" title=\"Simone Weil\" width=\"152\" height=\"214\" srcset=\"https:\/\/conspiration-editions.com\/wp-content\/uploads\/2021\/02\/S.Weil-portrait-214x300.jpg 214w, https:\/\/conspiration-editions.com\/wp-content\/uploads\/2021\/02\/S.Weil-portrait-230x323.jpg 230w, https:\/\/conspiration-editions.com\/wp-content\/uploads\/2021\/02\/S.Weil-portrait.jpg 394w\" sizes=\"(max-width: 152px) 100vw, 152px\" \/>Simone Weil<\/strong><\/p><p><span>Simone Weil est n\u00e9e en 1909 \u00e0 Paris. Agr\u00e9g\u00e9e de philosophie \u00e0 22 ans, emplie de compassion pour les opprim\u00e9s sociaux, elle va partager leur condition comme ouvri\u00e8re chez Renault en 1935, puis dans des exploitations agricoles. En 1936, apr\u00e8s une courte implication dans la\u00a0guerre d\u2019Espagne, elle portera un regard critique sur la violence aveugle et les ex\u00e9cutions arbitraires. Apr\u00e8s avoir \u00e9migr\u00e9 aux Etats-Unis en 1942 elle rejoint la\u00a0France Libre\u00a0\u00e0 Londres comme r\u00e9dactrice. Atteinte de tuberculose, elle meurt \u00e0 34<\/span><span> ans.<\/span><\/p><\/div>\n\t\t\t\t<\/div>\n\t\t\t\t<\/div>\n\t\t\t\t\t\t<\/div>\n\t\t\t\t\t<\/div>\n\t\t<\/div>\n\t\t\t\t\t\t\t\t<\/div>\n\t\t\t\t\t<\/div>\n\t\t<\/section>\n\t\t\t\t<section class=\"elementor-section elementor-top-section elementor-element elementor-element-1a109a2 elementor-section-boxed elementor-section-height-default elementor-section-height-default\" data-id=\"1a109a2\" data-element_type=\"section\">\n\t\t\t\t\t\t<div class=\"elementor-container elementor-column-gap-default\">\n\t\t\t\t\t\t\t<div class=\"elementor-row\">\n\t\t\t\t\t<div class=\"elementor-column elementor-col-100 elementor-top-column elementor-element elementor-element-b0343f7\" data-id=\"b0343f7\" data-element_type=\"column\">\n\t\t\t<div class=\"elementor-column-wrap elementor-element-populated\">\n\t\t\t\t\t\t\t<div class=\"elementor-widget-wrap\">\n\t\t\t\t\t\t<div class=\"elementor-element elementor-element-9f7f582 elementor-widget elementor-widget-spacer\" data-id=\"9f7f582\" data-element_type=\"widget\" data-widget_type=\"spacer.default\">\n\t\t\t\t<div class=\"elementor-widget-container\">\n\t\t\t\t\t<div class=\"elementor-spacer\">\n\t\t\t<div class=\"elementor-spacer-inner\"><\/div>\n\t\t<\/div>\n\t\t\t\t<\/div>\n\t\t\t\t<\/div>\n\t\t\t\t\t\t<\/div>\n\t\t\t\t\t<\/div>\n\t\t<\/div>\n\t\t\t\t\t\t\t\t<\/div>\n\t\t\t\t\t<\/div>\n\t\t<\/section>\n\t\t\t\t<section class=\"elementor-section elementor-top-section elementor-element elementor-element-0d4cbaf elementor-section-boxed elementor-section-height-default elementor-section-height-default\" data-id=\"0d4cbaf\" data-element_type=\"section\">\n\t\t\t\t\t\t<div class=\"elementor-container elementor-column-gap-default\">\n\t\t\t\t\t\t\t<div class=\"elementor-row\">\n\t\t\t\t\t<div class=\"elementor-column elementor-col-100 elementor-top-column elementor-element elementor-element-910a04f\" data-id=\"910a04f\" data-element_type=\"column\">\n\t\t\t<div class=\"elementor-column-wrap elementor-element-populated\">\n\t\t\t\t\t\t\t<div class=\"elementor-widget-wrap\">\n\t\t\t\t\t\t<div class=\"elementor-element elementor-element-0588dec elementor-widget elementor-widget-spacer\" data-id=\"0588dec\" data-element_type=\"widget\" data-widget_type=\"spacer.default\">\n\t\t\t\t<div class=\"elementor-widget-container\">\n\t\t\t\t\t<div class=\"elementor-spacer\">\n\t\t\t<div class=\"elementor-spacer-inner\"><\/div>\n\t\t<\/div>\n\t\t\t\t<\/div>\n\t\t\t\t<\/div>\n\t\t\t\t\t\t<\/div>\n\t\t\t\t\t<\/div>\n\t\t<\/div>\n\t\t\t\t\t\t\t\t<\/div>\n\t\t\t\t\t<\/div>\n\t\t<\/section>\n\t\t\t\t\t\t<\/div>\n\t\t\t\t\t\t<\/div>\n\t\t\t\t\t<\/div>","protected":false},"excerpt":{"rendered":"<p>R\u00e9flexions sur les causes de la libert\u00e9 et de l\u2019oppression sociale Simone Weil Le savoir \/ sept Uniquement en librairie Ebook (7\u20ac) Date de parution : 4 mars 2021140 pages &#8211; 130&#215;190 mmISBN : 979-10-95550-18-1 R\u00e9sum\u00e9 : \u00c9crit en 1934, \u00e0 l\u2019\u00e2ge de 25 ans, cet essai frappant reste d\u2019une [&hellip;]<\/p>","protected":false},"author":1,"featured_media":0,"parent":0,"menu_order":0,"comment_status":"closed","ping_status":"closed","template":"","meta":{"footnotes":""},"yoast_head":"<!-- This site is optimized with the Yoast SEO plugin v22.9 - https:\/\/yoast.com\/wordpress\/plugins\/seo\/ -->\n<title>R\u00e9flexions sur les causes de la libert\u00e9 et de l\u2019oppression sociale - Conspiration | \u00c9ditions<\/title>\n<meta name=\"description\" content=\"De Simone Weil. L\u2019histoire humaine n\u2019est que l\u2019histoire de l\u2019asservissement qui fait des hommes le simple jouet des instruments de domination qu\u2019ils ont fabriqu\u00e9s eux-m\u00eames.\" \/>\n<meta name=\"robots\" content=\"index, follow, max-snippet:-1, max-image-preview:large, max-video-preview:-1\" \/>\n<link rel=\"canonical\" href=\"https:\/\/conspiration-editions.com\/en\/reflexions-sur-les-causes-de-la-liberte-et-de-loppression-sociale\/\" \/>\n<meta property=\"og:locale\" content=\"en_US\" \/>\n<meta property=\"og:type\" content=\"article\" \/>\n<meta property=\"og:title\" content=\"R\u00e9flexions sur les causes de la libert\u00e9 et de l\u2019oppression sociale - Conspiration | \u00c9ditions\" \/>\n<meta property=\"og:description\" content=\"De Simone Weil. L\u2019histoire humaine n\u2019est que l\u2019histoire de l\u2019asservissement qui fait des hommes le simple jouet des instruments de domination qu\u2019ils ont fabriqu\u00e9s eux-m\u00eames.\" \/>\n<meta property=\"og:url\" content=\"https:\/\/conspiration-editions.com\/en\/reflexions-sur-les-causes-de-la-liberte-et-de-loppression-sociale\/\" \/>\n<meta property=\"og:site_name\" content=\"Conspiration | \u00c9ditions\" \/>\n<meta property=\"og:image\" content=\"https:\/\/conspiration-editions.com\/wp-content\/uploads\/2022\/10\/simone-weil-couverture-simulation.jpg\" \/>\n<meta name=\"twitter:card\" content=\"summary_large_image\" \/>\n<meta name=\"twitter:label1\" content=\"Est. reading time\" \/>\n\t<meta name=\"twitter:data1\" content=\"2 minutes\" \/>\n<script type=\"application\/ld+json\" class=\"yoast-schema-graph\">{\"@context\":\"https:\/\/schema.org\",\"@graph\":[{\"@type\":\"WebPage\",\"@id\":\"https:\/\/conspiration-editions.com\/reflexions-sur-les-causes-de-la-liberte-et-de-loppression-sociale\/\",\"url\":\"https:\/\/conspiration-editions.com\/reflexions-sur-les-causes-de-la-liberte-et-de-loppression-sociale\/\",\"name\":\"R\u00e9flexions sur les causes de la libert\u00e9 et de l\u2019oppression sociale - Conspiration | \u00c9ditions\",\"isPartOf\":{\"@id\":\"https:\/\/conspiration-editions.com\/#website\"},\"primaryImageOfPage\":{\"@id\":\"https:\/\/conspiration-editions.com\/reflexions-sur-les-causes-de-la-liberte-et-de-loppression-sociale\/#primaryimage\"},\"image\":{\"@id\":\"https:\/\/conspiration-editions.com\/reflexions-sur-les-causes-de-la-liberte-et-de-loppression-sociale\/#primaryimage\"},\"thumbnailUrl\":\"https:\/\/conspiration-editions.com\/wp-content\/uploads\/2022\/10\/simone-weil-couverture-simulation.jpg\",\"datePublished\":\"2026-02-27T09:29:55+00:00\",\"dateModified\":\"2026-02-27T09:29:55+00:00\",\"description\":\"De Simone Weil. L\u2019histoire humaine n\u2019est que l\u2019histoire de l\u2019asservissement qui fait des hommes le simple jouet des instruments de domination qu\u2019ils ont fabriqu\u00e9s eux-m\u00eames.\",\"breadcrumb\":{\"@id\":\"https:\/\/conspiration-editions.com\/reflexions-sur-les-causes-de-la-liberte-et-de-loppression-sociale\/#breadcrumb\"},\"inLanguage\":\"en-US\",\"potentialAction\":[{\"@type\":\"ReadAction\",\"target\":[\"https:\/\/conspiration-editions.com\/reflexions-sur-les-causes-de-la-liberte-et-de-loppression-sociale\/\"]}]},{\"@type\":\"ImageObject\",\"inLanguage\":\"en-US\",\"@id\":\"https:\/\/conspiration-editions.com\/reflexions-sur-les-causes-de-la-liberte-et-de-loppression-sociale\/#primaryimage\",\"url\":\"https:\/\/conspiration-editions.com\/wp-content\/uploads\/2022\/10\/simone-weil-couverture-simulation.jpg\",\"contentUrl\":\"https:\/\/conspiration-editions.com\/wp-content\/uploads\/2022\/10\/simone-weil-couverture-simulation.jpg\"},{\"@type\":\"BreadcrumbList\",\"@id\":\"https:\/\/conspiration-editions.com\/reflexions-sur-les-causes-de-la-liberte-et-de-loppression-sociale\/#breadcrumb\",\"itemListElement\":[{\"@type\":\"ListItem\",\"position\":1,\"name\":\"Accueil\",\"item\":\"https:\/\/conspiration-editions.com\/\"},{\"@type\":\"ListItem\",\"position\":2,\"name\":\"R\u00e9flexions sur les causes de la libert\u00e9 et de l\u2019oppression sociale\"}]},{\"@type\":\"WebSite\",\"@id\":\"https:\/\/conspiration-editions.com\/#website\",\"url\":\"https:\/\/conspiration-editions.com\/\",\"name\":\"Conspiration | \u00c9ditions\",\"description\":\"\",\"publisher\":{\"@id\":\"https:\/\/conspiration-editions.com\/#organization\"},\"potentialAction\":[{\"@type\":\"SearchAction\",\"target\":{\"@type\":\"EntryPoint\",\"urlTemplate\":\"https:\/\/conspiration-editions.com\/?s={search_term_string}\"},\"query-input\":\"required name=search_term_string\"}],\"inLanguage\":\"en-US\"},{\"@type\":\"Organization\",\"@id\":\"https:\/\/conspiration-editions.com\/#organization\",\"name\":\"Conspiration | \u00c9ditions\",\"url\":\"https:\/\/conspiration-editions.com\/\",\"logo\":{\"@type\":\"ImageObject\",\"inLanguage\":\"en-US\",\"@id\":\"https:\/\/conspiration-editions.com\/#\/schema\/logo\/image\/\",\"url\":\"https:\/\/conspiration-editions.com\/wp-content\/uploads\/2021\/01\/cropped-cropped-cropped-logo-editions.png\",\"contentUrl\":\"https:\/\/conspiration-editions.com\/wp-content\/uploads\/2021\/01\/cropped-cropped-cropped-logo-editions.png\",\"width\":574,\"height\":100,\"caption\":\"Conspiration | \u00c9ditions\"},\"image\":{\"@id\":\"https:\/\/conspiration-editions.com\/#\/schema\/logo\/image\/\"}}]}<\/script>\n<!-- \/ Yoast SEO plugin. -->","yoast_head_json":{"title":"R\u00e9flexions sur les causes de la libert\u00e9 et de l\u2019oppression sociale - Conspiration | \u00c9ditions","description":"De Simone Weil. L\u2019histoire humaine n\u2019est que l\u2019histoire de l\u2019asservissement qui fait des hommes le simple jouet des instruments de domination qu\u2019ils ont fabriqu\u00e9s eux-m\u00eames.","robots":{"index":"index","follow":"follow","max-snippet":"max-snippet:-1","max-image-preview":"max-image-preview:large","max-video-preview":"max-video-preview:-1"},"canonical":"https:\/\/conspiration-editions.com\/en\/reflexions-sur-les-causes-de-la-liberte-et-de-loppression-sociale\/","og_locale":"en_US","og_type":"article","og_title":"R\u00e9flexions sur les causes de la libert\u00e9 et de l\u2019oppression sociale - Conspiration | \u00c9ditions","og_description":"De Simone Weil. L\u2019histoire humaine n\u2019est que l\u2019histoire de l\u2019asservissement qui fait des hommes le simple jouet des instruments de domination qu\u2019ils ont fabriqu\u00e9s eux-m\u00eames.","og_url":"https:\/\/conspiration-editions.com\/en\/reflexions-sur-les-causes-de-la-liberte-et-de-loppression-sociale\/","og_site_name":"Conspiration | \u00c9ditions","og_image":[{"url":"https:\/\/conspiration-editions.com\/wp-content\/uploads\/2022\/10\/simone-weil-couverture-simulation.jpg"}],"twitter_card":"summary_large_image","twitter_misc":{"Est. reading time":"2 minutes"},"schema":{"@context":"https:\/\/schema.org","@graph":[{"@type":"WebPage","@id":"https:\/\/conspiration-editions.com\/reflexions-sur-les-causes-de-la-liberte-et-de-loppression-sociale\/","url":"https:\/\/conspiration-editions.com\/reflexions-sur-les-causes-de-la-liberte-et-de-loppression-sociale\/","name":"R\u00e9flexions sur les causes de la libert\u00e9 et de l\u2019oppression sociale - Conspiration | \u00c9ditions","isPartOf":{"@id":"https:\/\/conspiration-editions.com\/#website"},"primaryImageOfPage":{"@id":"https:\/\/conspiration-editions.com\/reflexions-sur-les-causes-de-la-liberte-et-de-loppression-sociale\/#primaryimage"},"image":{"@id":"https:\/\/conspiration-editions.com\/reflexions-sur-les-causes-de-la-liberte-et-de-loppression-sociale\/#primaryimage"},"thumbnailUrl":"https:\/\/conspiration-editions.com\/wp-content\/uploads\/2022\/10\/simone-weil-couverture-simulation.jpg","datePublished":"2026-02-27T09:29:55+00:00","dateModified":"2026-02-27T09:29:55+00:00","description":"De Simone Weil. L\u2019histoire humaine n\u2019est que l\u2019histoire de l\u2019asservissement qui fait des hommes le simple jouet des instruments de domination qu\u2019ils ont fabriqu\u00e9s eux-m\u00eames.","breadcrumb":{"@id":"https:\/\/conspiration-editions.com\/reflexions-sur-les-causes-de-la-liberte-et-de-loppression-sociale\/#breadcrumb"},"inLanguage":"en-US","potentialAction":[{"@type":"ReadAction","target":["https:\/\/conspiration-editions.com\/reflexions-sur-les-causes-de-la-liberte-et-de-loppression-sociale\/"]}]},{"@type":"ImageObject","inLanguage":"en-US","@id":"https:\/\/conspiration-editions.com\/reflexions-sur-les-causes-de-la-liberte-et-de-loppression-sociale\/#primaryimage","url":"https:\/\/conspiration-editions.com\/wp-content\/uploads\/2022\/10\/simone-weil-couverture-simulation.jpg","contentUrl":"https:\/\/conspiration-editions.com\/wp-content\/uploads\/2022\/10\/simone-weil-couverture-simulation.jpg"},{"@type":"BreadcrumbList","@id":"https:\/\/conspiration-editions.com\/reflexions-sur-les-causes-de-la-liberte-et-de-loppression-sociale\/#breadcrumb","itemListElement":[{"@type":"ListItem","position":1,"name":"Accueil","item":"https:\/\/conspiration-editions.com\/"},{"@type":"ListItem","position":2,"name":"R\u00e9flexions sur les causes de la libert\u00e9 et de l\u2019oppression sociale"}]},{"@type":"WebSite","@id":"https:\/\/conspiration-editions.com\/#website","url":"https:\/\/conspiration-editions.com\/","name":"Conspiration | \u00c9ditions","description":"","publisher":{"@id":"https:\/\/conspiration-editions.com\/#organization"},"potentialAction":[{"@type":"SearchAction","target":{"@type":"EntryPoint","urlTemplate":"https:\/\/conspiration-editions.com\/?s={search_term_string}"},"query-input":"required name=search_term_string"}],"inLanguage":"en-US"},{"@type":"Organization","@id":"https:\/\/conspiration-editions.com\/#organization","name":"Conspiration | \u00c9ditions","url":"https:\/\/conspiration-editions.com\/","logo":{"@type":"ImageObject","inLanguage":"en-US","@id":"https:\/\/conspiration-editions.com\/#\/schema\/logo\/image\/","url":"https:\/\/conspiration-editions.com\/wp-content\/uploads\/2021\/01\/cropped-cropped-cropped-logo-editions.png","contentUrl":"https:\/\/conspiration-editions.com\/wp-content\/uploads\/2021\/01\/cropped-cropped-cropped-logo-editions.png","width":574,"height":100,"caption":"Conspiration | \u00c9ditions"},"image":{"@id":"https:\/\/conspiration-editions.com\/#\/schema\/logo\/image\/"}}]}},"_links":{"self":[{"href":"https:\/\/conspiration-editions.com\/en\/wp-json\/wp\/v2\/pages\/2220"}],"collection":[{"href":"https:\/\/conspiration-editions.com\/en\/wp-json\/wp\/v2\/pages"}],"about":[{"href":"https:\/\/conspiration-editions.com\/en\/wp-json\/wp\/v2\/types\/page"}],"author":[{"embeddable":true,"href":"https:\/\/conspiration-editions.com\/en\/wp-json\/wp\/v2\/users\/1"}],"replies":[{"embeddable":true,"href":"https:\/\/conspiration-editions.com\/en\/wp-json\/wp\/v2\/comments?post=2220"}],"version-history":[{"count":22,"href":"https:\/\/conspiration-editions.com\/en\/wp-json\/wp\/v2\/pages\/2220\/revisions"}],"predecessor-version":[{"id":12318,"href":"https:\/\/conspiration-editions.com\/en\/wp-json\/wp\/v2\/pages\/2220\/revisions\/12318"}],"wp:attachment":[{"href":"https:\/\/conspiration-editions.com\/en\/wp-json\/wp\/v2\/media?parent=2220"}],"curies":[{"name":"wp","href":"https:\/\/api.w.org\/{rel}","templated":true}]}}